{"id":423,"date":"2020-05-31T14:50:16","date_gmt":"2020-05-31T12:50:16","guid":{"rendered":"https:\/\/www.mbt-hb.de\/infos\/"},"modified":"2023-08-30T10:59:37","modified_gmt":"2023-08-30T08:59:37","slug":"infos","status":"publish","type":"page","link":"https:\/\/www.mbt-hb.de\/ls\/infos\/","title":{"rendered":"Kurze Infos"},"content":{"rendered":"\n<h2 class=\"wp-block-heading\">Geschichte vom Mobilen Beratungsteam<\/h2>\n\n\n\n<div class=\"wp-block-columns alignwide is-layout-flex wp-container-core-columns-is-layout-9d6595d7 wp-block-columns-is-layout-flex\">\n<div class=\"wp-block-column is-layout-flow wp-block-column-is-layout-flow\" style=\"flex-basis:50%\"><div class=\"wp-block-image\">\n<figure class=\"aligncenter is-resized\"><img loading=\"lazy\" decoding=\"async\" src=\"https:\/\/www.mbt-hb.de\/wp-content\/uploads\/2022\/08\/datum-108-922x1024.png\" alt=\"\" class=\"wp-image-709\" width=\"231\" height=\"256\" srcset=\"https:\/\/www.mbt-hb.de\/wp-content\/uploads\/2022\/08\/datum-108-922x1024.png 922w, https:\/\/www.mbt-hb.de\/wp-content\/uploads\/2022\/08\/datum-108-270x300.png 270w, https:\/\/www.mbt-hb.de\/wp-content\/uploads\/2022\/08\/datum-108-768x853.png 768w, https:\/\/www.mbt-hb.de\/wp-content\/uploads\/2022\/08\/datum-108.png 1346w\" sizes=\"auto, (max-width: 231px) 100vw, 231px\" \/><\/figure>\n<\/div><\/div>\n\n\n\n<div class=\"wp-block-column is-layout-flow wp-block-column-is-layout-flow\" style=\"flex-basis:50%\">\n<p>Fr\u00fcher war es so:<br>Es gab die Mobile Beratungsstelle:<br><strong>pro aktiv gegen rechts<\/strong>.<br>Diese Beratungsstelle geh\u00f6rt zum Verein VAJA e.V.<\/p>\n\n\n\n<p>Seit dem 1. Januar 2020 ist es so:<br>Die Beratungsstelle geh\u00f6rt zum LidiceHaus.<br>Die Beratungsstelle bekommt einen neuen Namen:<br><strong>Mobiles Beratungsteam gegen Rechtsextremismus<br>in Bremen und Bremerhaven<\/strong>.<br>Der kurze Name ist: <strong>mbt<\/strong>.<\/p>\n<\/div>\n<\/div>\n\n\n\n<div style=\"height:100px\" aria-hidden=\"true\" class=\"wp-block-spacer\"><\/div>\n\n\n\n<h2 class=\"wp-block-heading\">So arbeitet das Mobile Beratungsteam<\/h2>\n\n\n\n<div class=\"wp-block-columns alignwide is-layout-flex wp-container-core-columns-is-layout-9d6595d7 wp-block-columns-is-layout-flex\">\n<div class=\"wp-block-column is-layout-flow wp-block-column-is-layout-flow\" style=\"flex-basis:50%\"><div class=\"wp-block-image\">\n<figure class=\"aligncenter is-resized\"><img loading=\"lazy\" decoding=\"async\" src=\"https:\/\/www.mbt-hb.de\/wp-content\/uploads\/2022\/08\/Bewilligung-985-819x1024.png\" alt=\"\" class=\"wp-image-712\" width=\"205\" height=\"256\" srcset=\"https:\/\/www.mbt-hb.de\/wp-content\/uploads\/2022\/08\/Bewilligung-985-819x1024.png 819w, https:\/\/www.mbt-hb.de\/wp-content\/uploads\/2022\/08\/Bewilligung-985-240x300.png 240w, https:\/\/www.mbt-hb.de\/wp-content\/uploads\/2022\/08\/Bewilligung-985-768x960.png 768w, https:\/\/www.mbt-hb.de\/wp-content\/uploads\/2022\/08\/Bewilligung-985-1229x1536.png 1229w, https:\/\/www.mbt-hb.de\/wp-content\/uploads\/2022\/08\/Bewilligung-985.png 1488w\" sizes=\"auto, (max-width: 205px) 100vw, 205px\" \/><\/figure>\n<\/div><\/div>\n\n\n\n<div class=\"wp-block-column is-layout-flow wp-block-column-is-layout-flow\" style=\"flex-basis:50%\">\n<p>Das mbt entscheidet selbst, wie es arbeitet.<br>Das entscheiden <strong>keine<\/strong> Parteien<br>oder andere Einrichtungen.<\/p>\n\n\n\n<p>Das mbt bekommt Geld f\u00fcr seine Arbeit.<br>Das Geld ist vom Projekt: <strong>Demokratie leben!<br><\/strong>Das Projekt ist vom Bundesministerium f\u00fcr<br>Familie, Senioren, Frauen und Jugend.<br>Mehr Infos zum Projekt finden Sie hier:<br><a href=\"http:\/\/www.demokratie-leben.de\/leichte-sprache\">www.demokratie-leben.de\/leichte-sprache<\/a>&nbsp;<\/p>\n\n\n\n<p>Und das Geld ist vom Land Bremen von der<br>Senatorin f\u00fcr Arbeit, Soziales, Jugend und Integration.<br>Mehr Infos zur Senatorin finden Sie hier:<br><a href=\"http:\/\/www.soziales.bremen.de\/informationen-in-leichter-sprache-24697\">www.soziales.bremen.de\/informationen-in-leichter-sprache-24697<\/a>\u00a0<\/p>\n<\/div>\n<\/div>\n\n\n\n<div style=\"height:100px\" aria-hidden=\"true\" class=\"wp-block-spacer\"><\/div>\n\n\n\n<h2 class=\"wp-block-heading\">Angebote vom Mobilen Beratungsteam<\/h2>\n\n\n\n<div class=\"wp-block-columns alignwide is-layout-flex wp-container-core-columns-is-layout-9d6595d7 wp-block-columns-is-layout-flex\">\n<div class=\"wp-block-column is-layout-flow wp-block-column-is-layout-flow\" style=\"flex-basis:50%\"><div class=\"wp-block-image\">\n<figure class=\"aligncenter is-resized\"><img loading=\"lazy\" decoding=\"async\" src=\"https:\/\/www.mbt-hb.de\/wp-content\/uploads\/2022\/05\/Netzwerk-2-1-1008x1024.png\" alt=\"\" class=\"wp-image-550\" width=\"252\" height=\"256\" srcset=\"https:\/\/www.mbt-hb.de\/wp-content\/uploads\/2022\/05\/Netzwerk-2-1-1008x1024.png 1008w, https:\/\/www.mbt-hb.de\/wp-content\/uploads\/2022\/05\/Netzwerk-2-1-295x300.png 295w, https:\/\/www.mbt-hb.de\/wp-content\/uploads\/2022\/05\/Netzwerk-2-1-768x780.png 768w, https:\/\/www.mbt-hb.de\/wp-content\/uploads\/2022\/05\/Netzwerk-2-1-1513x1536.png 1513w, https:\/\/www.mbt-hb.de\/wp-content\/uploads\/2022\/05\/Netzwerk-2-1.png 1875w\" sizes=\"auto, (max-width: 252px) 100vw, 252px\" \/><\/figure>\n<\/div><\/div>\n\n\n\n<div class=\"wp-block-column is-vertically-aligned-center is-layout-flow wp-block-column-is-layout-flow\" style=\"flex-basis:50%\">\n<p>Das mbt macht Beratung und Gespr\u00e4che.<br>Wir helfen auch bei Gespr\u00e4chen,<br>wenn es Probleme gibt.<\/p>\n\n\n\n<p>Wir finden die richtigen Fachleute f\u00fcr Ihre Probleme.<br>Und wir sorgen daf\u00fcr,<br>dass alle gut zusammenarbeiten k\u00f6nnen.<\/p>\n\n\n\n<p>Wir machen Infos und Kurse<\/p>\n\n\n\n<ul class=\"wp-block-list\">\n<li>\u00fcber Rechtsextremismus.<\/li>\n\n\n\n<li>\u00fcber Antisemitismus<\/li>\n\n\n\n<li>\u00fcber Hass und Gewalt an verschiedenen Gruppen.<\/li>\n<\/ul>\n<\/div>\n<\/div>\n\n\n\n<div style=\"height:100px\" aria-hidden=\"true\" class=\"wp-block-spacer\"><\/div>\n\n\n\n<h2 class=\"wp-block-heading\">F\u00fcr wen ist die Beratung?<\/h2>\n\n\n\n<div class=\"wp-block-columns alignwide is-layout-flex wp-container-core-columns-is-layout-9d6595d7 wp-block-columns-is-layout-flex\">\n<div class=\"wp-block-column is-layout-flow wp-block-column-is-layout-flow\" style=\"flex-basis:50%\"><div class=\"wp-block-image\">\n<figure class=\"aligncenter is-resized\"><img loading=\"lazy\" decoding=\"async\" src=\"https:\/\/www.mbt-hb.de\/wp-content\/uploads\/2022\/05\/Mitarbeiter-Mitarbeiterinnen-1024x804.png\" alt=\"\" class=\"wp-image-553\" width=\"256\" height=\"201\" srcset=\"https:\/\/www.mbt-hb.de\/wp-content\/uploads\/2022\/05\/Mitarbeiter-Mitarbeiterinnen-1024x804.png 1024w, https:\/\/www.mbt-hb.de\/wp-content\/uploads\/2022\/05\/Mitarbeiter-Mitarbeiterinnen-300x236.png 300w, https:\/\/www.mbt-hb.de\/wp-content\/uploads\/2022\/05\/Mitarbeiter-Mitarbeiterinnen-768x603.png 768w, https:\/\/www.mbt-hb.de\/wp-content\/uploads\/2022\/05\/Mitarbeiter-Mitarbeiterinnen-1536x1206.png 1536w, https:\/\/www.mbt-hb.de\/wp-content\/uploads\/2022\/05\/Mitarbeiter-Mitarbeiterinnen-2048x1608.png 2048w\" sizes=\"auto, (max-width: 256px) 100vw, 256px\" \/><\/figure>\n<\/div><\/div>\n\n\n\n<div class=\"wp-block-column is-vertically-aligned-center is-layout-flow wp-block-column-is-layout-flow\" style=\"flex-basis:50%\">\n<p>Wir beraten viele verschiedene Menschen.<br>Zum Beispiel<\/p>\n\n\n\n<ul class=\"wp-block-list\">\n<li>Lehrer, Erzieher und Kurs-Leiter.<\/li>\n\n\n\n<li>Jugendliche, die sich f\u00fcr etwas einsetzen wollen.<\/li>\n\n\n\n<li>Sozialarbeiter, Jugendarbeiter, Stadtteilarbeiter.<\/li>\n<\/ul>\n<\/div>\n<\/div>\n\n\n\n<div class=\"wp-block-columns alignwide is-layout-flex wp-container-core-columns-is-layout-9d6595d7 wp-block-columns-is-layout-flex\">\n<div class=\"wp-block-column is-layout-flow wp-block-column-is-layout-flow\" style=\"flex-basis:50%\"><div class=\"wp-block-image\">\n<figure class=\"aligncenter is-resized\"><img loading=\"lazy\" decoding=\"async\" src=\"https:\/\/www.mbt-hb.de\/wp-content\/uploads\/2022\/05\/beirat_angehoerige-065-1024x781.png\" alt=\"\" class=\"wp-image-556\" width=\"256\" height=\"195\" srcset=\"https:\/\/www.mbt-hb.de\/wp-content\/uploads\/2022\/05\/beirat_angehoerige-065-1024x781.png 1024w, https:\/\/www.mbt-hb.de\/wp-content\/uploads\/2022\/05\/beirat_angehoerige-065-300x229.png 300w, https:\/\/www.mbt-hb.de\/wp-content\/uploads\/2022\/05\/beirat_angehoerige-065-768x586.png 768w, https:\/\/www.mbt-hb.de\/wp-content\/uploads\/2022\/05\/beirat_angehoerige-065-1536x1172.png 1536w, https:\/\/www.mbt-hb.de\/wp-content\/uploads\/2022\/05\/beirat_angehoerige-065-2048x1562.png 2048w\" sizes=\"auto, (max-width: 256px) 100vw, 256px\" \/><\/figure>\n<\/div><\/div>\n\n\n\n<div class=\"wp-block-column is-vertically-aligned-center is-layout-flow wp-block-column-is-layout-flow\" style=\"flex-basis:50%\">\n<ul class=\"wp-block-list\">\n<li>Mitarbeiter aus sozialen Einrichtungen.<\/li>\n\n\n\n<li>Mitarbeiter von Religions-Gemeinschaften.<\/li>\n\n\n\n<li>Mitarbeiter von Kultur-Einrichtungen.<\/li>\n\n\n\n<li>Firmen und<br>die Vertretungen von Mitarbeitern und Firmen.<\/li>\n\n\n\n<li>Einrichtungen und \u00c4mter von der Stadt.<\/li>\n<\/ul>\n<\/div>\n<\/div>\n\n\n\n<div style=\"height:100px\" aria-hidden=\"true\" class=\"wp-block-spacer\"><\/div>\n\n\n\n<h2 class=\"wp-block-heading\">Warum machen wir die Beratung?<\/h2>\n\n\n\n<div class=\"wp-block-columns alignwide is-layout-flex wp-container-core-columns-is-layout-9d6595d7 wp-block-columns-is-layout-flex\">\n<div class=\"wp-block-column is-layout-flow wp-block-column-is-layout-flow\" style=\"flex-basis:50%\"><div class=\"wp-block-image\">\n<figure class=\"aligncenter is-resized\"><img loading=\"lazy\" decoding=\"async\" src=\"https:\/\/www.mbt-hb.de\/wp-content\/uploads\/2022\/05\/halt_stopp-217-2-1024x922.png\" alt=\"\" class=\"wp-image-559\" width=\"256\" height=\"231\" srcset=\"https:\/\/www.mbt-hb.de\/wp-content\/uploads\/2022\/05\/halt_stopp-217-2-1024x922.png 1024w, https:\/\/www.mbt-hb.de\/wp-content\/uploads\/2022\/05\/halt_stopp-217-2-300x270.png 300w, https:\/\/www.mbt-hb.de\/wp-content\/uploads\/2022\/05\/halt_stopp-217-2-768x691.png 768w, https:\/\/www.mbt-hb.de\/wp-content\/uploads\/2022\/05\/halt_stopp-217-2-1536x1382.png 1536w, https:\/\/www.mbt-hb.de\/wp-content\/uploads\/2022\/05\/halt_stopp-217-2-2048x1843.png 2048w\" sizes=\"auto, (max-width: 256px) 100vw, 256px\" \/><\/figure>\n<\/div><\/div>\n\n\n\n<div class=\"wp-block-column is-vertically-aligned-center is-layout-flow wp-block-column-is-layout-flow\" style=\"flex-basis:50%\">\n<p>Wir m\u00fcssen etwas gegen Rechtsextremismus tun.<br>Darum gibt es seit vielen Jahren Pl\u00e4ne<br>f\u00fcr ganz Deutschland.<br>Diese Pl\u00e4ne sind wichtig f\u00fcr die Arbeit vom mbt.<\/p>\n<\/div>\n<\/div>\n\n\n\n<div class=\"wp-block-columns alignwide is-layout-flex wp-container-core-columns-is-layout-9d6595d7 wp-block-columns-is-layout-flex\">\n<div class=\"wp-block-column is-layout-flow wp-block-column-is-layout-flow\" style=\"flex-basis:50%\"><div class=\"wp-block-image\">\n<figure class=\"aligncenter is-resized\"><img loading=\"lazy\" decoding=\"async\" src=\"https:\/\/www.mbt-hb.de\/wp-content\/uploads\/2022\/05\/Inklusion2-743-1-1024x758.png\" alt=\"\" class=\"wp-image-562\" width=\"256\" height=\"190\" srcset=\"https:\/\/www.mbt-hb.de\/wp-content\/uploads\/2022\/05\/Inklusion2-743-1-1024x758.png 1024w, https:\/\/www.mbt-hb.de\/wp-content\/uploads\/2022\/05\/Inklusion2-743-1-300x222.png 300w, https:\/\/www.mbt-hb.de\/wp-content\/uploads\/2022\/05\/Inklusion2-743-1-768x568.png 768w, https:\/\/www.mbt-hb.de\/wp-content\/uploads\/2022\/05\/Inklusion2-743-1-1536x1137.png 1536w, https:\/\/www.mbt-hb.de\/wp-content\/uploads\/2022\/05\/Inklusion2-743-1-2048x1516.png 2048w\" sizes=\"auto, (max-width: 256px) 100vw, 256px\" \/><\/figure>\n<\/div><\/div>\n\n\n\n<div class=\"wp-block-column is-vertically-aligned-center is-layout-flow wp-block-column-is-layout-flow\" style=\"flex-basis:50%\">\n<p><a><\/a> Alle Menschen sind gut und wichtig.<br>Alle Menschen sollen hier gut leben k\u00f6nnen.<br>Darum darf es <strong>keinen<\/strong> Hass und <strong>keine<\/strong> Gewalt<br>gegen andere Menschen geben.<br>Jeder kann etwas daf\u00fcr tun.<br>Wir wollen mit unserer Arbeit dabei helfen.<\/p>\n<\/div>\n<\/div>\n\n\n\n<div style=\"height:100px\" aria-hidden=\"true\" class=\"wp-block-spacer\"><\/div>\n\n\n\n<div style=\"height:100px\" aria-hidden=\"true\" class=\"wp-block-spacer\"><\/div>\n\n\n\n<div class=\"wp-block-columns alignwide is-layout-flex wp-container-core-columns-is-layout-9d6595d7 wp-block-columns-is-layout-flex\">\n<div class=\"wp-block-column is-layout-flow wp-block-column-is-layout-flow\" style=\"flex-basis:50%\"><div class=\"wp-block-image\">\n<figure class=\"aligncenter is-resized\"><img loading=\"lazy\" decoding=\"async\" src=\"https:\/\/www.mbt-hb.de\/wp-content\/uploads\/2022\/05\/160518_LS_Siegel_4c.jpg\" alt=\"\" class=\"wp-image-565\" width=\"280\" height=\"280\" srcset=\"https:\/\/www.mbt-hb.de\/wp-content\/uploads\/2022\/05\/160518_LS_Siegel_4c.jpg 599w, https:\/\/www.mbt-hb.de\/wp-content\/uploads\/2022\/05\/160518_LS_Siegel_4c-300x300.jpg 300w, https:\/\/www.mbt-hb.de\/wp-content\/uploads\/2022\/05\/160518_LS_Siegel_4c-150x150.jpg 150w\" sizes=\"auto, (max-width: 280px) 100vw, 280px\" \/><\/figure>\n<\/div><\/div>\n\n\n\n<div class=\"wp-block-column is-vertically-aligned-center is-layout-flow wp-block-column-is-layout-flow\" style=\"flex-basis:50%\">\n<p><strong>Der Text in Leichter Sprache ist von:<\/strong><br>\u00a9 B\u00fcro f\u00fcr Leichte Sprache,<br>Lebenshilfe f\u00fcr Menschen mit geistiger Behinderung Bremen e.V., 2022.<br><strong>Das Siegel ist von:<\/strong><br>Deutsche Gesellschaft f\u00fcr Leichte Sprache eG.<br><strong>Die Bilder sind von:<br><\/strong>\u00a9 Lebenshilfe f\u00fcr Menschen mit geistiger Behinderung Bremen e.V.<br>Illustrator Stefan Albers.<\/p>\n<\/div>\n<\/div>\n\n\n\n<div style=\"height:100px\" aria-hidden=\"true\" class=\"wp-block-spacer\"><\/div>\n","protected":false},"excerpt":{"rendered":"<p>Geschichte vom Mobilen Beratungsteam Fr\u00fcher war es so:Es gab die Mobile Beratungsstelle:pro aktiv gegen rechts.Diese Beratungsstelle geh\u00f6rt zum Verein VAJA e.V. Seit dem 1. Januar 2020 ist es so:Die Beratungsstelle geh\u00f6rt zum LidiceHaus.Die Beratungsstelle bekommt einen neuen Namen:Mobiles Beratungsteam gegen Rechtsextremismusin Bremen und Bremerhaven.Der kurze Name ist: mbt. So arbeitet das Mobile Beratungsteam Das mbt [&hellip;]<\/p>\n","protected":false},"author":3,"featured_media":0,"parent":0,"menu_order":15,"comment_status":"closed","ping_status":"closed","template":"","meta":{"footnotes":""},"class_list":["post-423","page","type-page","status-publish","hentry"],"_links":{"self":[{"href":"https:\/\/www.mbt-hb.de\/ls\/wp-json\/wp\/v2\/pages\/423","targetHints":{"allow":["GET"]}}],"collection":[{"href":"https:\/\/www.mbt-hb.de\/ls\/wp-json\/wp\/v2\/pages"}],"about":[{"href":"https:\/\/www.mbt-hb.de\/ls\/wp-json\/wp\/v2\/types\/page"}],"author":[{"embeddable":true,"href":"https:\/\/www.mbt-hb.de\/ls\/wp-json\/wp\/v2\/users\/3"}],"replies":[{"embeddable":true,"href":"https:\/\/www.mbt-hb.de\/ls\/wp-json\/wp\/v2\/comments?post=423"}],"version-history":[{"count":5,"href":"https:\/\/www.mbt-hb.de\/ls\/wp-json\/wp\/v2\/pages\/423\/revisions"}],"predecessor-version":[{"id":808,"href":"https:\/\/www.mbt-hb.de\/ls\/wp-json\/wp\/v2\/pages\/423\/revisions\/808"}],"wp:attachment":[{"href":"https:\/\/www.mbt-hb.de\/ls\/wp-json\/wp\/v2\/media?parent=423"}],"curies":[{"name":"wp","href":"https:\/\/api.w.org\/{rel}","templated":true}]}}