{"id":426,"date":"2020-05-31T14:50:50","date_gmt":"2020-05-31T12:50:50","guid":{"rendered":"https:\/\/www.mbt-hb.de\/material\/"},"modified":"2025-12-02T16:31:28","modified_gmt":"2025-12-02T15:31:28","slug":"material","status":"publish","type":"page","link":"https:\/\/www.mbt-hb.de\/ls\/material\/","title":{"rendered":"Material &#038; Links"},"content":{"rendered":"\n<h1 class=\"wp-block-heading\" id=\"material-links\">Material &amp; Links<\/h1>\n\n\n\n<p>Hier finden Sie aktuelle Pressemeldungen, Informationsmaterialien sowie weiterf\u00fchrende Links zu Netzwerk- und Kooperationspartner*innen.<\/p>\n\n\n\n<p><\/p>\n\n\n\n<h2 class=\"wp-block-heading\" id=\"pressemeldungen\">Pressemeldungen<\/h2>\n\n\n\n<ul class=\"wp-block-list\">\n<li>Neue Brosch\u00fcre \u201eVersteckte Zeichen f\u00fcr rechtes Gedankengut, Verschw\u00f6rungsglauben und anderen Unfug\u201c ver\u00f6ffentlicht (2022-03-21, <a rel=\"noreferrer noopener\" href=\"https:\/\/www.mbt-hb.de\/wp-content\/uploads\/2023\/02\/2022.03.Broschuere.Verschwoerungserzaehlungen.pdf\" target=\"_blank\">PDF<\/a>) \/ <em>MBT<\/em><\/li>\n\n\n\n<li>Rechte Tatmotivationen m\u00fcssen ernst genommen werden (2021-10-12, <a rel=\"noreferrer noopener\" href=\"https:\/\/www.mbt-hb.de\/wp-content\/uploads\/2021\/10\/2021-10-12-PE-Rechte-Tatmotivationen-ernst-nehmen-soliport-MBT.pdf\" target=\"_blank\">PDF<\/a>) \/ <em>soliport &amp; MBT<\/em><\/li>\n<\/ul>\n\n\n\n<p><\/p>\n\n\n\n<h2 class=\"wp-block-heading\" id=\"artikel\">Artikel<\/h2>\n\n\n\n<ul class=\"wp-block-list\">\n<li>\u201eWir oder die\u201c \u2013 Antisemitismus bei \u201eCorona-Protesten\u201c im Land Bremen.<\/li>\n\n\n\n<li>In: Handreichung zum Umgang mit Antisemitismus an Schulen (2022, S.43f., <a rel=\"noreferrer noopener\" href=\"https:\/\/bildung.bremen.de\/sixcms\/media.php\/13\/HB%20Handreichung_Antisemitismus_OnlineVersion_20220712.pdf\" target=\"_blank\">PDF<\/a>) \/ <em><a rel=\"noreferrer noopener\" href=\"https:\/\/www.bildung.bremen.de\" target=\"_blank\">Die Senatorin f\u00fcr Kinder und Bildung der Freien Hansestadt Bremen<\/a><\/em> Jahresr\u00fcckblick 2022 \u2013 Neonazistische Parteien vor der Landtagswahl \/ <em><a href=\"https:\/\/www.belltower.news\/jahresrueckblick-2022-bremen-neonazistische-parteien-vor-der-landtagswahl-144827\/\">Belltower.News<\/a><\/em><\/li>\n\n\n\n<li>Jahresr\u00fcckblick 2021 \u2013 Schulterschl\u00fcsse zwischen Neonazis und Rockern \/ <a rel=\"noreferrer noopener\" href=\"https:\/\/www.belltower.news\/jahresbericht-2021-bremen-schulterschluesse-zwischen-neonazis-und-rockern-126043\/\" target=\"_blank\"><em>Belltower.News<\/em><\/a><\/li>\n\n\n\n<li>Jahresr\u00fcckblick 2020 \u2013 Rechte Gewalt in Bremen 2020 \u2013 Ein Lagebild \/ <a rel=\"noreferrer noopener\" href=\"https:\/\/www.belltower.news\/jahresrueckblick-2020-rechte-gewalt-im-bundesland-bremen-in-2020-ein-lagebild-111203\/\" target=\"_blank\"><em>Belltower.News<\/em><\/a><\/li>\n\n\n\n<li>Jahresr\u00fcckblick 2019 \u2013 Aktive Kameradschaftsszene, Kampfsport, Rechtsrock \/ <a rel=\"noreferrer noopener\" href=\"https:\/\/www.belltower.news\/jahresrueckblick-2019-bremen-aktive-kameradschaftsszene-kampfsport-rechtsrock-94445\/\" target=\"_blank\"><em>Belltower.News<\/em><\/a><\/li>\n<\/ul>\n\n\n\n<h2 class=\"wp-block-heading\" id=\"informationsmaterial\">Informationsmaterial<\/h2>\n\n\n\n<ul class=\"wp-block-list\">\n<li>Versteckte Zeichen f\u00fcr rechtes Gedankengut, Verschw\u00f6rungserz\u00e4hlungen und anderen Unfug (2021, <a rel=\"noreferrer noopener\" href=\"https:\/\/www.mbt-hb.de\/wp-content\/uploads\/2022\/02\/2021-VersteckteZeichen-MBT-HB.pdf\" target=\"_blank\">PDF<\/a>) \/ <em>MBT HB<\/em><\/li>\n\n\n\n<li>Demokratie in Gefahr? Denkanst\u00f6\u00dfe f\u00fcr die Jugendarbeit in Bremen (2019, <a href=\"https:\/\/www.mbt-hb.de\/wp-content\/uploads\/2021\/04\/demokratie-in-gefahr-proaktiv-2019.pdf\">PDF<\/a>) \/ <em>pro aktiv gegen rechts<\/em><\/li>\n\n\n\n<li>Hinter der Fassade &#8211; Rechtspopulistische Strategien und Argumentationsmuster (2014, <a href=\"https:\/\/www.mbt-hb.de\/wp-content\/uploads\/2020\/08\/hinter-der-fassade-2014.pdf\">PDF<\/a>) \/ <em>pro aktiv gegen rechts<\/em><\/li>\n\n\n\n<li>Weil meine Stadt deine Stadt ist, ist das unsere Stadt. Hand reichen. Willkommenskultur leben. Solidarit\u00e4t mit Fl\u00fcchtlingen im Land Bremen (2014, <a href=\"https:\/\/www.mbt-hb.de\/wp-content\/uploads\/2020\/08\/willkommenskultur-webversion.pdf\">PDF<\/a>) \/ <em>pro aktiv gegen rechts<\/em><\/li>\n\n\n\n<li>Aufdecken! Rechsextreme Gefahr am Arbeitsplatz (2013, <a href=\"https:\/\/www.mbt-hb.de\/wp-content\/uploads\/2020\/08\/aufdecken-proaktiv-2013.pdf\">PDF<\/a>) \/ <em>pro aktiv gegen rechts<\/em><\/li>\n\n\n\n<li>Rechtsextremist\/innen nicht auf den Leim gehen. Ein Ratgeber f\u00fcr die Gastronomie (2011, <a href=\"https:\/\/www.mbt-hb.de\/wp-content\/uploads\/2020\/08\/gastro-ratgeber-2011.pdf\">PDF<\/a>) \/ <em>pro aktiv gegen rechts<\/em><\/li>\n<\/ul>\n\n\n\n<p><\/p>\n\n\n\n<h2 class=\"wp-block-heading\" id=\"links\">Links<\/h2>\n\n\n\n<ul class=\"wp-block-list\">\n<li>Beratung f\u00fcr Betroffene rechter, rassistischer und antisemitischer Gewalt im Land Bremen \/ <em><a rel=\"noreferrer noopener\" href=\"https:\/\/soliport.de\/\" target=\"_blank\">soliport<\/a><\/em><\/li>\n\n\n\n<li>Beratung f\u00fcr Betroffene rechter, rassistischer und antisemitischer Gewalt im Land Niedersachsen \/ <em><a rel=\"noreferrer noopener\" href=\"https:\/\/betroffenenberatung.de\/\" target=\"_blank\">Betroffenenberatung<\/a><\/em><\/li>\n\n\n\n<li>Verband der Beratungsstellen f\u00fcr Betroffene rechter, rassistischer und antisemitischer Gewalt \/ <em><a rel=\"noreferrer noopener\" href=\"https:\/\/verband-brg.de\/\" target=\"_blank\">VBRG<\/a><\/em><\/li>\n<\/ul>\n\n\n\n<p><\/p>\n\n\n\n<ul class=\"wp-block-list\">\n<li>Mobile Beratung gegen Rechtsextremismus in Niedersachsen \/ <em><a rel=\"noreferrer noopener\" href=\"https:\/\/mbt-niedersachsen.de\/\" target=\"_blank\">MBT Nds.<\/a><\/em><\/li>\n\n\n\n<li>Bundesweiter Verband der Mobilen Beratungen gegen Rechtsextremismus in allen Bundesl\u00e4ndern \/ <em><a rel=\"noreferrer noopener\" href=\"https:\/\/www.bundesverband-mobile-beratung.de\/\" target=\"_blank\">BMB<\/a><\/em><\/li>\n<\/ul>\n\n\n\n<p><\/p>\n\n\n\n<ul class=\"wp-block-list\">\n<li>Ausstiegs- und Distanzierungsberatung im Land Bremen \/ <em><a rel=\"noreferrer noopener\" href=\"http:\/\/perspektive-ausstieg.de\/\" target=\"_blank\">Perspektive Ausstieg<\/a><\/em><\/li>\n\n\n\n<li>Bundesarbeitsgemeinschaft Einstieg zum Ausstieg \/ <em><a rel=\"noreferrer noopener\" href=\"https:\/\/www.bag-ausstieg.de\/\" target=\"_blank\">BAG Ausstieg<\/a><\/em><\/li>\n<\/ul>\n\n\n\n<p><\/p>\n\n\n\n<ul class=\"wp-block-list\">\n<li>Fachstelle Rechtsextremismus und Familie \/ <em><a rel=\"noreferrer noopener\" href=\"https:\/\/rechtsextremismus-und-familie.de\/\" target=\"_blank\">RuF<\/a><\/em><\/li>\n<\/ul>\n\n\n\n<p><\/p>\n\n\n\n<p><\/p>\n\n\n\n<ul class=\"wp-block-list\">\n<li>akriba \u2013 Antisemitismuskritische Bildungsarbeit \/ <em><a rel=\"noreferrer noopener\" href=\"https:\/\/www.akriba-hb.de\/\" target=\"_blank\">akriba<\/a><\/em><\/li>\n<\/ul>\n\n\n\n<p><\/p>\n\n\n\n<ul class=\"wp-block-list\">\n<li>Fan-Projekt Bremen e.V. \/ <em><a href=\"https:\/\/www.fanprojektbremen.de\/\" target=\"_blank\" rel=\"noreferrer noopener\">Fan-Projekt<\/a><\/em><\/li>\n<\/ul>\n","protected":false},"excerpt":{"rendered":"<p>Material &amp; Links Hier finden Sie aktuelle Pressemeldungen, Informationsmaterialien sowie weiterf\u00fchrende Links zu Netzwerk- und Kooperationspartner*innen. Pressemeldungen Artikel Informationsmaterial Links<\/p>\n","protected":false},"author":1,"featured_media":0,"parent":0,"menu_order":20,"comment_status":"closed","ping_status":"closed","template":"","meta":{"footnotes":""},"class_list":["post-426","page","type-page","status-publish","hentry"],"_links":{"self":[{"href":"https:\/\/www.mbt-hb.de\/ls\/wp-json\/wp\/v2\/pages\/426","targetHints":{"allow":["GET"]}}],"collection":[{"href":"https:\/\/www.mbt-hb.de\/ls\/wp-json\/wp\/v2\/pages"}],"about":[{"href":"https:\/\/www.mbt-hb.de\/ls\/wp-json\/wp\/v2\/types\/page"}],"author":[{"embeddable":true,"href":"https:\/\/www.mbt-hb.de\/ls\/wp-json\/wp\/v2\/users\/1"}],"replies":[{"embeddable":true,"href":"https:\/\/www.mbt-hb.de\/ls\/wp-json\/wp\/v2\/comments?post=426"}],"version-history":[{"count":4,"href":"https:\/\/www.mbt-hb.de\/ls\/wp-json\/wp\/v2\/pages\/426\/revisions"}],"predecessor-version":[{"id":864,"href":"https:\/\/www.mbt-hb.de\/ls\/wp-json\/wp\/v2\/pages\/426\/revisions\/864"}],"wp:attachment":[{"href":"https:\/\/www.mbt-hb.de\/ls\/wp-json\/wp\/v2\/media?parent=426"}],"curies":[{"name":"wp","href":"https:\/\/api.w.org\/{rel}","templated":true}]}}